{"id":2336,"date":"2014-06-15T16:15:00","date_gmt":"2014-06-15T19:15:00","guid":{"rendered":"https:\/\/espacocriativo.net\/acervo\/historia\/historia-sem-nome\/rascunho-automatico\/"},"modified":"2025-11-23T13:44:51","modified_gmt":"2025-11-23T16:44:51","slug":"unico","status":"publish","type":"capitular","link":"https:\/\/espacocriativo.net\/acervo\/historia\/always-in-me\/unico\/","title":{"rendered":"Cap\u00edtulo \u00fanico"},"content":{"rendered":"\r\n<p><span class=\"capitular1\">S<\/span>empre me disseram que o interior de Madrid sempre foi o melhor lugar para se viver se voc\u00ea procura por paz e tranquilidade. De fato, os espanh\u00f3is sabem como manter um ambiente sem agita\u00e7\u00e3o, mesmo n\u00e3o se importando em lhe dar uma aten\u00e7\u00e3o extra por voc\u00ea ser estrangeiro.<br>\u2003\u2003Villaviciosa de Od\u00f3n \u00e9 uma vila localizada a quarenta minutos de Madrid, de modo que posso dormir sem ser acordado por gritarias ou sons de carros em alta velocidade, mas posso rapidamente estar no meio de toda a agita\u00e7\u00e3o quando sinto vontade de me socializar. Logo que entrei na vila sem sem\u00e1foros e com as ruas movimentadas por jovens estudantes ou idosos trabalhadores locais, pude entender que aquele era um lugar at\u00edpico. Meu agente disse que a vila praticamente pertence \u00e0 UEM, Universidad Europea de Madrid, aonde alunos de todos os cantos da Europa e do mundo chegam para estudar seis meses a um ano. Por causa da universidade, \u00e9 poss\u00edvel encontrar jovens de todas as culturas.<br>\u2003\u2003Foi durante uma caminhada at\u00e9 o Mercadona, supermercado local, que me deparei com ela, a garota por quem me apaixonei. Com os cabelos bagun\u00e7ados pelo vento forte que batia naquela manh\u00e3 de quinta-feira, vi seu saco com laranjas se romperem por serem mais pesadas do que a fina sacola de pl\u00e1stico que o mercado cobrou 15 centavos de euros para dar \u00e0 ela. Estava com uma sacola de tecido, por isso, corri para ajuda-la junto com outra senhora que caminhava por perto.<br>\u2003\u2003\u2014 Gracias \u2014 ela disse em um sotaque espanhol bem ruim. A senhora sorriu e se afastou depois de dar a \u00faltima laranja para a garota, mas por v\u00ea-la perdida entre segurar as dezenas de sacolas em suas m\u00e3os ou segurar a pilha de laranjas agora no ch\u00e3o, n\u00e3o pude resistir \u00e0 sua beleza e acabei agachando:<br>\u2003\u2003\u2014 Voc\u00ea fala ingl\u00eas? \u2014 perguntei. Ao ver sua express\u00e3o aliviada, pude ver que ela entendia melhor minha l\u00edngua, que a l\u00edngua local. \u2014 Sou Ed, estou com essa sacola de pl\u00e1stico; se voc\u00ea quiser, posso acompanha-la at\u00e9 sua casa com as laranjas.<br>\u2003\u2003De in\u00edcio, a vi hesitar. Sou um estranho e, acima de tudo, ela estaria atrapalhando minha programa\u00e7\u00e3o. Contudo, ao ver a situa\u00e7\u00e3o que se encontrava, deixou seu orgulho de lado e permitiu a si mesma de ser ego\u00edsta.<br>\u2003\u2003\u2014 Se n\u00e3o for atrapalhar, eu gostaria muito de sua ajuda.<br>\u2003\u2003Seu sotaque ingl\u00eas tamb\u00e9m n\u00e3o era bom. Depois de colocado as laranjas dentro da minha sacola e me oferecido para carregar metade das que ela estava carregando sozinha, iniciamos nossa caminhada de alguns minutos. Puxei assunto, perguntando de onde ela era, j\u00e1 que n\u00e3o reconheci seu sotaque; porque eu j\u00e1 viajei bastante pelo mundo, consigo identificar os sotaques das minhas f\u00e3s nativas que tentavam falar comigo em um ingl\u00eas treinado ou improvisado. O nome da garota que roubou meu cora\u00e7\u00e3o \u00e9 %Lana% e ela veio do Brasil para estudar um semestre na UEM. Estava feliz por ter conseguido a bolsa de estudos para ter uma experi\u00eancia internacional e mais ainda pela moradia e alimenta\u00e7\u00e3o n\u00e3o ser cara.<br>\u2003\u2003Conversamos sobre dezenas de coisas. O time espanhol que ela torcia \u2014 o mesmo que o meu, Barcelona! \u2014, qual curso ela fazia na UEM, quando voltaria para o Brasil, desde quando estava em Villa e o que gostara mais da Espanha at\u00e9 agora. Por ambos sermos turistas, pudemos dividir informa\u00e7\u00f5es e opini\u00f5es sobre os lugares sem ofender ao outro. Nunca fui ao Brasil, mas sempre soube que minha base de f\u00e3s l\u00e1 n\u00e3o era fraca; sempre tive uma imensa vontade de comparecer ao pa\u00eds do futebol. %Lana%, por outro lado, j\u00e1 havia ido para a Inglaterra, meu pa\u00eds de origem e tamb\u00e9m para os Estados Unidos, o pa\u00eds que me acolheu depois do meu sucesso no mundo da m\u00fasica. Falou sobre os lugares que visitou e pareceu empolgada quando reconheceu alguns pontos que eu havia dito serem bons.<br>\u2003\u2003No final, passei o resto no apartamento de um quarto que ela morava sozinha. Disse que preferia, pois n\u00e3o queria se distrair ou ter de ser obrigada a falar portugu\u00eas, apesar de n\u00e3o ter encontrado nenhum espanhol que quisesse ser seu amigo.<\/p>\r\n<p>\u2003\u2003%Lana% se mostrou ser uma garota sorridente, sonhadora, mas com os p\u00e9s no ch\u00e3o. Mesmo tendo em mente suas vontades, sabia que nem sempre elas poderiam ser realizadas, por isso, optava por viver sua vida e n\u00e3o deixar que a ilus\u00e3o a machucasse eventualmente. Durante meu dia, n\u00e3o sabia muito bem o que fazer. Aquela folga foi uma surpresa para mim; depois de anos sem ter folga no meu trabalho art\u00edstico, ficar um m\u00eas sem nada na agenda era preocupante, pois j\u00e1 havia me esquecido como fazia para gastar tempo \u00e0 toa. Depois que conheci %Lana%, passei a encontra-la todos os dias para nos divertirmos juntos, at\u00e9 nossa rela\u00e7\u00e3o se tornar s\u00e9ria.<br>\u2003\u2003Nosso primeiro beijo foi oito dias depois de quando nos conhecemos. Busquei-a na universidade com o carro alugado pelo meu agente e segui em dire\u00e7\u00e3o \u00e0 Valencia. Mesmo o percurso durando algumas poucas horas, a viagem foi r\u00e1pida, pois nos divert\u00edamos e cant\u00e1vamos minhas m\u00fasicas, que apresentei a ela logo no segundo dia. %Lana% n\u00e3o sabia que eu era t\u00e3o famoso; n\u00e3o posso deixar de aparentar ser egoc\u00eantrico, mas qualquer pessoa que \u00e9 reconhecida pelo mundo n\u00e3o deve ser humilde a ponto de dizer que \u201cn\u00e3o \u00e9 ningu\u00e9m importante\u201d. Pareceu ficar mal quando disse que nunca havia ouvido uma m\u00fasica minha, mas ficou feliz em me deixar tocar algumas para ela e logo no quinto dia, j\u00e1 cantarolava aquelas que dizia serem suas favoritas.<br>\u2003\u2003Em Valencia, mesmo no meio das pedras antigas que formavam arquiteturas um tanto medievais, segurei sua m\u00e3o para que caminh\u00e1ssemos juntos com nossos dedos cruzados e a amizade se tornando muito mais do que carinho. No por do sol, caminhamos at\u00e9 o topo de uma colina tur\u00edstica onde dezenas de casais se acomodavam em seu pr\u00f3prio canto para terem algum tipo de privacidade. L\u00e1, em baixo de uma imensa \u00e1rvore, vi os olhos de %Lana% brilharem com os \u00faltimos raios de sol antes de tocar-lhe os l\u00e1bios e desfrutar de um beijo que posso considerar o melhor da minha vida.<br>\u2003\u2003A partir de ent\u00e3o, %Lana% deixou de ser minha amiga para se tornar minha garota. Escondendo arduamente sua imagem da m\u00eddia, minhas f\u00e3s n\u00e3o sabiam do meu status de relacionamento-quase-em-namoro devido ao trabalho \u00e1rduo de meu agente em abafar o caso.<br>\u2003\u2003%Lana% n\u00e3o tinha aula \u00e0s segundas e \u00e0s quartas, por isso, durante esses dias, planejava passeios em Madrid ou idas a outras cidades, como Bilbao e Saragoza; locais que s\u00e3o t\u00e3o espetaculares quanto Madrid. Ibiza para aproveitarmos o ver\u00e3o e, no \u00faltimo final de semana juntos, Barcelona, onde aproveitamos o melhor da cidade catal\u00e3.<\/p>\r\n<p>\u2003\u2003Na ter\u00e7a-feira depois que voltamos de Barcelona, %Lana% havia dito que seu professor, durante a aula, anunciou para alguns alunos que os levaria at\u00e9 uma empresa especializada em com\u00e9rcio, curso no qual ela estudava. Era uma grande oportunidade para ver de perto como funcionava o com\u00e9rcio espanhol. Combinamos de jantar juntos no Hard Rock Caf\u00e9 Madrid.<br>\u2003\u2003Nenhum de n\u00f3s dois nunca saber\u00edamos sobre a manifesta\u00e7\u00e3o que ocorreria no centro de Madrid, perto do pr\u00e9dio da empresa onde aconteceria a aula extra.<br>\u2003\u2003A manifesta\u00e7\u00e3o foi cruel. Cidad\u00e3os madrilenhos protestavam para o governo, dizendo que a economia do pa\u00eds estava em baixa, que o \u00edndice de desempregados aumentava e n\u00e3o havia oportunidades fora do pa\u00eds. O desespero dos espanh\u00f3is os levou \u00e0 loucura; assim, os policiais respondiam com bombas de g\u00e1s lacrimog\u00eanio e tiros com pequenas balas de borracha que chegavam a machucar tanto quanto uma bala real, pois n\u00e3o matava.<br>\u2003\u2003N\u00e3o soube da manifesta\u00e7\u00e3o at\u00e9 a noite, quando estranhei o atraso que nunca havia ocorrido antes de %Lana%. Liguei para seu celular, mas ele estava fora de servi\u00e7o. Passei a madrugada procurando por ela, at\u00e9 encontrar um grupo de jovens desesperados, correndo em dire\u00e7\u00e3o \u00e0 universidade. Obedecendo meu sexto sentido, corri junto e facilmente me passei por aluno, entrando nas pend\u00eancias do campus e dando de cara com um enorme grupo de alunos esperando por alguma informa\u00e7\u00e3o. \u00c0 frente de todos, um homem trajando um terno pedia calma em espanhol e ao seu lado, uma tradutora para aqueles que n\u00e3o entendiam a l\u00edngua local.<br>\u2003\u2003O grupo que havia ido \u00e0 empresa foi pego de surpresa durante a sa\u00edda da aula extra. Confundidos com os manifestantes, alguns foram presos e outros, machucados. No meio de toda a confus\u00e3o, os baderneiros iniciaram seu trabalho em atrapalhar e trouxeram armas e roj\u00f5es para soltar contra os policiais que formavam uma barreira pr\u00f3ximo \u00e0 prefeitura da cidade. Na troca de tiros, uma bala perdida perfurou o peito de %Lana%; ela n\u00e3o sobreviveu nem at\u00e9 o hospital.<br>\u2003\u2003Quando vi seu nome na lista de \u00f3bito, n\u00e3o pude acreditar. A garota que roubou meu cora\u00e7\u00e3o havia ido embora para sempre. Seus olhos n\u00e3o poderiam mais brilhar e seu sorriso n\u00e3o poderia mais ser aberto. Os sonhos que compartilhou comigo nunca poderiam ser realizados. A \u00faltima coisa que viu foi a guerra de poder e a \u00faltima coisa que sentiu antes de dar seu \u00faltimo suspiro, foi o desespero de estar sozinha em um pa\u00eds estrangeiro. Longe de seus pais, que tanto me disse admirar; longe de suas amigas que compareceram no aeroporto para se despedir dela; longe de seu cachorro Lou, um beagle velho e brincalh\u00e3o que me mostrou fotos como se fosse seu filho. Seu nome n\u00e3o seria reconhecido pelos empres\u00e1rios que admirava e seu corpo nunca chegaria a vestir a beca de formanda.<br>\u2003\u2003N\u00e3o visitei o vel\u00f3rio oferecido pelo governo espanhol. Por causa de minha fama e o fato de ter escondido meu relacionamento com ela, n\u00e3o pude divulgar minha tristeza e meu desespero de ter perdido a pessoa por quem me apaixonei. Tudo o que pude fazer, foi soltar minhas l\u00e1grimas escondido do mundo, abra\u00e7ando o travesseiro que serviu de apoio para ela no dia anterior, quando voltamos de Barcelona cansados. Mesmo faltando dois dias para o final de minhas f\u00e9rias, estava disposto a continuar nosso relacionamento, voltando para Villa nos dias de folga, mesmo que fosse para passar poucas horas com a minha garota.<br>\u2003\u2003Nossas fotos em meu celular agora eram as \u00fanicas mem\u00f3rias que eu tinha para acreditar que um dia eu pude me apaixonar devidamente. Nossos v\u00eddeos garantiriam que eu nunca ousasse me esquecer da voz que fez meu cora\u00e7\u00e3o bater mais forte.<\/p>\r\n<p>\u2003\u2003Achei que nunca pudesse dizer a algu\u00e9m sobre o meu amor; sobre o nosso amor, meu e de %Lana%. Mesmo durado poucas semanas, o tempo em que esse sentimento me acompanhou foi muito maior do que o desespero que senti quando vi seu nome na lista negra.<br>\u2003\u2003Encontrei a oportunidade de dizer ao mundo sobre eu e ela quando fui convidado para cantar a m\u00fasica tema do filme \u201cA Culpa \u00e9 das Estrelas\u201d. Mesmo minha hist\u00f3ria sendo diferente dos personagens do filme, pude facilmente encaixar as duas na m\u00fasica que criei. A dor, a saudade, o amor&#8230; \u00c9 tudo o mesmo. O cora\u00e7\u00e3o continua a doer incessantemente, sem sinal de que ir\u00e1 parar.<br>\u2003\u2003No final, tudo o que posso fazer \u00e9 me certificar de que n\u00e3o foi um sonho; garantir que ela permanecer\u00e1 acesa dentro de mim. Que um dia voltaremos a nos encontrar e quando isso acontecer, n\u00e3o irei mais deixa-la ir embora.<\/p>\r\n<p align=\"center\"><small>Ou\u00e7a a m\u00fasica tema do filme &#8220;A Culpa \u00e9 das Estrelas&#8221; <a href=\"https:\/\/www.youtube.com\/watch?v=u36Ngi6gdQo\" target=\"_blank\" rel=\"noopener\">aqui<\/a>.<\/small><\/p>\r\n<div class=\"nota\">\r\n<h3 align=\"center\">Fim<\/h3>\r\n<\/div>\r\n<p>\u2003\u2003<b>Nota:<\/b> \u00c0 pedido das minhas leitoras no meu grupo do Facebook, uma fanfic com o ruivinho!<br>\u2003\u2003Nunca imaginei que um dia escreveria uma fanfic com ele, j\u00e1 que n\u00e3o sou grande f\u00e3, apenas admiro suas m\u00fasicas.<br>\u2003\u2003Para o final, achei que Ed seria o m\u00fasico que teria alguma m\u00fasica que combinasse com a hist\u00f3ria (\u00e9 a primeira vez que procuro uma m\u00fasica depois que ela j\u00e1 est\u00e1 praticamente pronta). Entrei no Vagalume e a primeira m\u00fasica da lista de mais procuradas dele era essa, que coincidentemente descobri ser a m\u00fasica tema do filme &#8220;A Culpa \u00e9 das Estrelas&#8221;. Descobri quando procurei um v\u00eddeo com a letra para dividir com voc\u00eas, fiquei surpresa, porque grande parte do que est\u00e1 cantado combina com o tema da fanfic. Depois que descobri este &#8220;pequeno&#8221; fato, alterei algumas informa\u00e7\u00f5es na hist\u00f3ria para que ficasse melhor de ser lida com a m\u00fasica tocando (isso \u00e9, se voc\u00eas forem masoquistas).<br>\u2003\u2003Anyway, espero que tenham gostado, mesmo o final n\u00e3o sendo T\u00c3O da maneira que n\u00f3s sempre esperamos. Mas, para quem nunca, jamais, pensou em escrever uma fic com algu\u00e9m, at\u00e9 que ficou legal. Eu gostei!<\/p>\r\n","protected":false},"excerpt":{"rendered":"<p>Ou\u00e7a a m\u00fasica tema do filme &#8220;A Culpa \u00e9 das Estrelas&#8221; aqui. Fim \u2003\u2003Nota: \u00c0 pedido das minhas leitoras no meu grupo do Facebook, uma fanfic com o ruivinho!\u2003\u2003Nunca imaginei que um dia escreveria uma fanfic com ele, j\u00e1 que n\u00e3o sou grande f\u00e3, apenas admiro suas m\u00fasicas.\u2003\u2003Para o final, achei que Ed seria o [&hellip;]<\/p>\n","protected":false},"author":2,"featured_media":0,"parent":0,"comment_status":"open","ping_status":"closed","template":"","format":"standard","meta":{"_acf_changed":false,"_monsterinsights_skip_tracking":false,"_monsterinsights_sitenote_active":false,"_monsterinsights_sitenote_note":"","_monsterinsights_sitenote_category":0,"ngg_post_thumbnail":0},"historias":[982],"class_list":["post-2336","capitular","type-capitular","status-publish","format-standard","hentry","historias-always-in-me"],"acf":[],"_links":{"self":[{"href":"https:\/\/espacocriativo.net\/acervo\/wp-json\/wp\/v2\/capitular\/2336","targetHints":{"allow":["GET"]}}],"collection":[{"href":"https:\/\/espacocriativo.net\/acervo\/wp-json\/wp\/v2\/capitular"}],"about":[{"href":"https:\/\/espacocriativo.net\/acervo\/wp-json\/wp\/v2\/types\/capitular"}],"author":[{"embeddable":true,"href":"https:\/\/espacocriativo.net\/acervo\/wp-json\/wp\/v2\/users\/2"}],"replies":[{"embeddable":true,"href":"https:\/\/espacocriativo.net\/acervo\/wp-json\/wp\/v2\/comments?post=2336"}],"wp:attachment":[{"href":"https:\/\/espacocriativo.net\/acervo\/wp-json\/wp\/v2\/media?parent=2336"}],"wp:term":[{"taxonomy":"historias","embeddable":true,"href":"https:\/\/espacocriativo.net\/acervo\/wp-json\/wp\/v2\/historias?post=2336"}],"curies":[{"name":"wp","href":"https:\/\/api.w.org\/{rel}","templated":true}]}}