{"id":2005,"date":"2018-06-20T21:01:00","date_gmt":"2018-06-21T00:01:00","guid":{"rendered":"https:\/\/espacocriativo.net\/acervo\/historia\/historia-sem-nome\/rascunho-automatico\/"},"modified":"2025-09-16T20:23:46","modified_gmt":"2025-09-16T23:23:46","slug":"capitulo-unico","status":"publish","type":"capitular","link":"https:\/\/espacocriativo.net\/acervo\/historia\/rip-amizade\/capitulo-unico\/","title":{"rendered":"CAP\u00cdTULO \u00daNICO"},"content":{"rendered":"\n<p>\u2003\u2003<strong>Abril, 2009.<\/strong><\/p>\n<p><span class=\"versalete\">\u2003\u2003N\u00f3s est\u00e1vamos no trem<\/span>. Era um longo caminho de S\u00e3o Paulo at\u00e9 Mogi das Cruzes. Mas havia seus pontos positivos.<br>\u2003\u2003Toda sexta-feira eu e Luiza volt\u00e1vamos de S\u00e3o Paulo juntas. N\u00f3s n\u00e3o curs\u00e1vamos a mesma coisa, muito menos estud\u00e1vamos na mesma institui\u00e7\u00e3o, mas \u00e9ramos melhores amigas e \u00e9 assim que n\u00f3s nos arranjamos para nos vermos, j\u00e1 que se no ano anterior nos v\u00edamos todos os dias por conta da escola, agora pelo menos uma vez na semana era certo o nosso encontro.<br>\u2003\u2003Luiza optou pelo curso de artes c\u00eanicas. Seu sonho era entrar no grupo de teatro do Wolf Maia e conseguir deslanchar em uma carreira que a tornaria a pr\u00f3xima grande atriz da TV Globo. Eu, por outro lado, era completamente antissocial, o que me fez optar pelo curso de qu\u00edmica, onde poderia ficar tranquila com meu \u00f3timo bom senso com a mat\u00e9ria, e longe de pessoas com quem pudesse me relacionar (contra a minha vontade).<br>\u2003\u2003Nossa amizade come\u00e7ou em 1996, quando eu tinha 6 anos e Luiza, 5. \u00cdamos para a mesma escola e seguimos unidas at\u00e9 o \u00faltimo ano do colegial. Como toda amizade, houveram seus altos e baixos, mas foi exatamente por isso que, na minha opini\u00e3o, nossa amizade seria eterna. Se durante 12 anos conseguimos ultrapassar todos os obst\u00e1culos, o que seria o resto da vida?<br>\u2003\u2003Eu jamais imaginaria que Luiza fosse mudar tanto durante a faculdade. Est\u00e1 certo, n\u00f3s est\u00e1vamos separadas e criamos outros grupos de amigos. Al\u00e9m disso, n\u00f3s nunca achamos que mudamos, mas se a turma do col\u00e9gio, quando nos encontramos, acaba dizendo aquela frase <em>\u201cAh, voc\u00ea n\u00e3o muda mesmo, Nat\u00e1lia.\u201d<\/em>, ent\u00e3o \u00e9 porque continuamos a mesma pessoa que \u00e9ramos, n\u00e3o \u00e9?<br>\u2003\u2003O problema foi que os amigos de Luiza n\u00e3o eram bem o tipo de pessoas que eu gostaria de andar. N\u00e3o havia se passado nem 5 meses de curso dela, para que eu conseguisse enxergar algumas mudan\u00e7as em seu comportamento e modo de se vestir.<br>\u2003\u2003- Eu fiz mais um <em>piercing<\/em>, olha! \u2013 encarei o pequeno ponto brilhante encravado no seu dedo mindinho. Meu corpo estremeceu inteiro com a afli\u00e7\u00e3o. J\u00e1 era o quinto <em>piercing<\/em> em menos de tr\u00eas meses. Os das orelhas foram facilmente aceitos pelos pais. N\u00f3s temos 18 anos e n\u00e3o precisamos mais da permiss\u00e3o deles para essas coisas, logo, \u00e9 comum a maioria dos jovens fazerem o segundo e terceiro furo na orelha, um no umbigo e uma ou duas tatuagens. Mas j\u00e1 era o quinto da Luiza. E queria eu dizer que os demais (al\u00e9m dos da orelha) fossem comuns (como o <em>piercing<\/em> no umbigo). N\u00e3o. Eram em lugares que eu nem lembrava o nome mais. Septo. Em um lugar estranho na boca, na sobrancelha e agora&#8230; no dedo mindinho.<br>\u2003\u2003- Como que eles fazem isso? \u2013 abri a boca, chocada com a tal descoberta do <em>piercing <\/em>no dedo mindinho. \u2013 Deve ter do\u00eddo \u00e0 be\u00e7a<br>\u2003\u2003- Eles anestesiam. \u2013 ela disse encarando o dedo, como se aquilo fosse a oitava maravilha do mundo. \u2013 Como n\u00e3o tem tarraxa, esse <em>piercing<\/em> \u00e9 tipo um gancho. Eles furam, abrem e&#8230;<br>\u2003\u2003- <em>Arght! Pare!<\/em> \u2013 coloquei as m\u00e3os nos ouvidos, sentindo meu est\u00f4mago revirar s\u00f3 de imaginar a cena.<br>\u2003\u2003- Enfim. Ficou lindo, n\u00e3o \u00e9? \u2013 ela ergueu a m\u00e3o \u00e0 nossa frente, como se estivesse mostrando sua alian\u00e7a de noivado. Quem me dera.<br>\u2003\u2003Abri um pequeno sorriso enquanto ela rapidamente mudava do assunto do <em>piercing<\/em> para outro t\u00e3o perturbador quanto.<br>\u2003\u2003- Vou alargar o furo da minha orelha! Tenho um amigo que tem 10mm de largura do furo, ele disse que indo aos poucos n\u00e3o d\u00f3i tanto.<br>\u2003\u2003- Isso n\u00e3o \u00e9 um furo, \u00e9 mais um rombo. \u2013 dou uma risada, tentando descontrair e n\u00e3o mostrar o meu pr\u00e9-conceito com o estilo que est\u00e1 t\u00e3o na moda entre alguns jovens. Na \u00e9poca do col\u00e9gio tamb\u00e9m existiam garotos e garotas que faziam alargadores, mas n\u00e3o imaginava que a Luiza fosse ser uma dessas pessoas.<br>\u2003\u2003- Eu mal posso esperar para conseguir chegar em um tamanho como o dele! \u2013 e desatou a falar sobre os tipos de alargadores que tinham e qual o processo que ela precisava fazer. Era, no m\u00ednimo, <em>muito<\/em> doloroso para pessoas como eu, que tinha medo at\u00e9 de tomar uma vacina.<br>\u2003\u2003<br>~*~<\/p>\n<p>\u2003\u2003<strong>Outubro 2009<\/strong><\/p>\n<p>\u2003\u2003Era 19 de outubro, meu anivers\u00e1rio. O h\u00e1bito era de passar com a Luiza o dia e \u00e0 noite sa\u00edamos para uma baladinha com o resto da turma do col\u00e9gio. Como era uma sexta, o plano deu ainda mais certo. Eu estava para completar 19 anos, o que significava que agora <em>definitivamente<\/em> era maior de idade. A carteira de motorista n\u00e3o era provis\u00f3ria e ningu\u00e9m me chamaria mais de novata no mundo dos adultos.<br>\u2003\u2003Estava tudo certo.<br>\u2003\u2003A n\u00e3o ser que desse tudo errado.<br>\u2003\u2003O que foi o caso.<br>\u2003\u2003No computador, entrei no Facebook para confirmar o meu dia. \u00c9 para ser um dia legal, afinal, \u00e9 normal o dia de nosso anivers\u00e1rio quando somos adolescentes, serem assim, legais. Durante as aulas da faculdade na parte da manh\u00e3, recebi v\u00e1rios desejos de felicidades, e achava que seria injusto n\u00e3o ser, pelo menos, feliz no meu dia.<br>\u2003\u2003Enviei uma mensagem para a Luiza pela rede social, s\u00f3 para garantir que ela estaria aqui no hor\u00e1rio para irmos ao shopping. De l\u00e1, seguir\u00edamos direto para o bar, onde encontrar\u00edamos com a turma do col\u00e9gio e em seguida para a balada, sobreviver at\u00e9 \u00e0s 6 da manh\u00e3 no meio dos bebes e rolos.<br>\u2003\u2003Mas Luiza n\u00e3o me respondeu. Nem quando liguei para ela. Nem depois de cinco horas.<br>\u2003\u2003Pulei a programa\u00e7\u00e3o do shopping e recebi a liga\u00e7\u00e3o da Ma\u00edra, uma amiga de sala que gostava muito, mas n\u00e3o estava no patamar da Luiza no quesito de amizade. Ela passou em casa com algumas outras meninas e fomos juntas para o bar, que Luiza n\u00e3o compareceu.<br>\u2003\u2003- \u00c9 estranho ela n\u00e3o ter aparecido. \u2013 Lorena disse.<br>\u2003\u2003- \u00c9 estranho ela n\u00e3o ter nem atendido ao telefone. Voc\u00eas n\u00e3o voltaram de S\u00e3o Paulo juntas hoje, Nat? \u2013 Ma\u00edra perguntou.<br>\u2003\u2003- N\u00e3o&#8230; Ela disse que teria de sair meia hora mais tarde. \u2013 olhei para cima, pensativa. \u2013 Disse que podia esperar, mas ela achou melhor n\u00e3o.<br>\u2003\u2003- Talvez ela v\u00e1 direto para a balada. \u2013 Lorena disse, mas eu sabia que era somente para n\u00e3o me deixar t\u00e3o chateada.<br>\u2003\u2003O problema \u00e9 que eu j\u00e1 estava.<br>\u2003\u2003<br>\u2003\u2003E no fim, a Luiza n\u00e3o veio na balada.<br>\u2003\u2003No dia seguinte, um s\u00e1bado, ela n\u00e3o veio at\u00e9 em casa, a um quarteir\u00e3o da casa dela, para pelo menos passar o dia comigo.<br>\u2003\u2003No domingo, n\u00e3o me mandou uma mensagem de desculpas.<br>\u2003\u2003Na quinta seguinte, n\u00e3o respondeu minha mensagem respondendo se iria voltar comigo de trem.<br>\u2003\u2003No m\u00eas seguinte, ainda n\u00e3o hav\u00edamos nos contatado.<\/p>\n<p align=\"center\">~*~<\/p>\n<p>\u2003\u2003<strong>Junho de 2018<\/strong><\/p>\n<p>\u2003\u2003Seria legal eu dizer que a causa de nosso afastamento se deu pelo fato de termos gostos diferentes que acabaram se tornando um diferencial muito grande para amizades. Mas n\u00e3o. Apesar de ser um bom apaziguador na hora de explicar para os nossos pais o motivo da nossa separa\u00e7\u00e3o, a verdade foi que Luiza se cansou de uma amizade que n\u00e3o agregava nada a ela. E eu me cansei de uma amizade que n\u00e3o me via como eu a via.<br>\u2003\u2003Algumas vezes penso que foi coisa do destino. Meus pais, quando sa\u00edam, encontravam com ela, que lhes dizia que estava tentando voltar a falar comigo \u2013 uma grande mentira \u2013, mas eu mesma nunca cheguei a encontra-la. N\u00e3o houve oportunidade para nos falarmos e discutirmos o motivo no nosso afastamento (do afastamento dela). Nenhuma de n\u00f3s nunca mais mandamos mensagens uma para a outra. Nem no anivers\u00e1rio.<br>\u2003\u2003Muito menos no anivers\u00e1rio.<br>\u2003\u2003\u00c0s vezes me perguntam se eu n\u00e3o sinto falta da amizade dela. Nos dias dif\u00edceis, em que precisamos de um ombro amigo, uma amizade que um dia te fez bem \u00e9 sempre lembrado. Mas s\u00f3 isso. Percebi que aprendi a viver muito bem sem ela ao meu lado. Ap\u00f3s meses com o sentimento de culpa, procurando o que eu havia feito de errado, tentando lembrar de qualquer gafe que tivesse cometido, abri os olhos de que o problema n\u00e3o fui eu. Foi ela e a vontade de viver uma nova vida, com suas novas amizades. L\u00e1, n\u00e3o havia espa\u00e7o para mim.<br>\u2003\u2003E tudo bem.<br>\u2003\u2003Os sentimentos ruins se foram no momento em que me vi feliz sem ela ao meu lado. N\u00e3o sentia mais a falta da amizade dela, pois tamb\u00e9m consegui encontrar outras que gostavam de mim tanto quanto ela gostou. As amizades do col\u00e9gio que n\u00e3o eram t\u00e3o importantes quanto Luiza na \u00e9poca, agora se tornaram ainda mais especiais do que foi a nossa amizade.<br>\u2003\u2003E tudo bem.<br>\u2003\u2003<br>\u2003\u2003Algumas amizades s\u00e3o feitas somente para uma fase da vida.<br>\u2003\u2003Que elas descansem em paz.<\/p>\n<div class=\"nota\">\n<h3 align=\"center\">Fim<\/h3>\n<\/div>\n","protected":false},"excerpt":{"rendered":"<p>\u2003\u2003Abril, 2009. \u2003\u2003~*~ \u2003\u2003Outubro 2009 \u2003\u2003 ~*~ \u2003\u2003Junho de 2018 \u2003\u2003 Fim<\/p>\n","protected":false},"author":2,"featured_media":0,"parent":0,"comment_status":"open","ping_status":"closed","template":"","format":"standard","meta":{"_acf_changed":true,"_monsterinsights_skip_tracking":false,"_monsterinsights_sitenote_active":false,"_monsterinsights_sitenote_note":"","_monsterinsights_sitenote_category":0,"ngg_post_thumbnail":0},"historias":[737],"class_list":["post-2005","capitular","type-capitular","status-publish","format-standard","hentry","historias-rip-amizade"],"acf":[],"_links":{"self":[{"href":"https:\/\/espacocriativo.net\/acervo\/wp-json\/wp\/v2\/capitular\/2005","targetHints":{"allow":["GET"]}}],"collection":[{"href":"https:\/\/espacocriativo.net\/acervo\/wp-json\/wp\/v2\/capitular"}],"about":[{"href":"https:\/\/espacocriativo.net\/acervo\/wp-json\/wp\/v2\/types\/capitular"}],"author":[{"embeddable":true,"href":"https:\/\/espacocriativo.net\/acervo\/wp-json\/wp\/v2\/users\/2"}],"replies":[{"embeddable":true,"href":"https:\/\/espacocriativo.net\/acervo\/wp-json\/wp\/v2\/comments?post=2005"}],"wp:attachment":[{"href":"https:\/\/espacocriativo.net\/acervo\/wp-json\/wp\/v2\/media?parent=2005"}],"wp:term":[{"taxonomy":"historias","embeddable":true,"href":"https:\/\/espacocriativo.net\/acervo\/wp-json\/wp\/v2\/historias?post=2005"}],"curies":[{"name":"wp","href":"https:\/\/api.w.org\/{rel}","templated":true}]}}